{"id":46973,"date":"2024-06-28T15:57:52","date_gmt":"2024-06-28T15:57:52","guid":{"rendered":"https:\/\/vejamob.com\/?page_id=46973"},"modified":"2025-03-25T19:36:20","modified_gmt":"2025-03-25T19:36:20","slug":"adatvedelmi-iranyelvek","status":"publish","type":"page","link":"https:\/\/vejamob.com\/hu\/adatvedelmi-iranyelvek\/","title":{"rendered":"Adatv\u00e9delmi ir\u00e1nyelvek"},"content":{"rendered":"<p>Minden \u00f6sszegy\u0171jt\u00f6tt inform\u00e1ci\u00f3t a weboldalunkon tapasztalt \u00e9lm\u00e9ny jav\u00edt\u00e1s\u00e1ra haszn\u00e1lunk fel. Az \u00f6sszegy\u0171jt\u00f6tt inform\u00e1ci\u00f3k tartalmazhatj\u00e1k az \u00d6n nev\u00e9t, e-mail c\u00edm\u00e9t, telefonsz\u00e1m\u00e1t \u00e9s\/vagy m\u00e1sokat.<\/p>\n\n\n\n<p>A Vejamob haszn\u00e1lata a jelen Adatv\u00e9delmi Meg\u00e1llapod\u00e1s elfogad\u00e1s\u00e1t jelenti. Ha a felhaszn\u00e1l\u00f3 a jelen Adatv\u00e9delmi szab\u00e1lyzatban foglalt felt\u00e9telekkel, ak\u00e1r r\u00e9szben sem \u00e9rt egyet, nem \u00e9rheti el \u00e9s\/vagy nem haszn\u00e1lhatja a Vejamob \u00e1ltal k\u00edn\u00e1lt tartalmat. A weboldal haszn\u00e1lat\u00e1val a Felhaszn\u00e1l\u00f3 tudom\u00e1sul veszi \u00e9s teljes m\u00e9rt\u00e9kben beleegyezik adatainak kezel\u00e9s\u00e9be, a jelen Adatkezel\u00e9si t\u00e1j\u00e9koztat\u00f3ban \u00e9s az \u00c1ltal\u00e1nos Felhaszn\u00e1l\u00e1si Felt\u00e9telekben foglaltaknak megfelel\u0151en.<\/p>\n\n\n\n<p>Fenntartjuk magunknak a jogot arra, hogy ezt az adatv\u00e9delmi szab\u00e1lyzatot b\u00e1rmikor, a Felhaszn\u00e1l\u00f3 hozz\u00e1j\u00e1rul\u00e1sa vagy \u00e9rtes\u00edt\u00e9se n\u00e9lk\u00fcl m\u00f3dos\u00edtsuk, ez\u00e9rt k\u00e9rj\u00fck, gyakran tekintse \u00e1t. A v\u00e1ltoztat\u00e1sok \u00e9s pontos\u00edt\u00e1sok a weboldalon val\u00f3 megjelen\u00e9st k\u00f6vet\u0151en azonnal hat\u00e1lyba l\u00e9pnek. Ha l\u00e9nyeges v\u00e1ltoztat\u00e1sokat hajtunk v\u00e9gre ezen a szab\u00e1lyzaton, akkor itt \u00e9rtes\u00edtj\u00fck a friss\u00edt\u00e9sr\u0151l, hogy tiszt\u00e1ban legyen azzal, hogy milyen inform\u00e1ci\u00f3kat gy\u0171jt\u00fcnk, hogyan haszn\u00e1ljuk azokat, \u00e9s milyen k\u00f6r\u00fclm\u00e9nyek k\u00f6z\u00f6tt haszn\u00e1ljuk \u00e9s\/vagy k\u00f6z\u00f6lj\u00fck, ha van ilyen. azt.<\/p>\n\n\n\n<p>A Vejamob tiszteletben tartja felhaszn\u00e1l\u00f3inak mag\u00e1n\u00e9let\u00e9t \u00e9s az adatok felhaszn\u00e1l\u00e1s\u00e1nak \u00e1tl\u00e1that\u00f3s\u00e1g\u00e1t. Adatv\u00e9delmi szab\u00e1lyzatunk a nemzetk\u00f6zi \u00e9s nemzeti adatv\u00e9delmi szabv\u00e1nyoknak megfelel\u0151en k\u00e9sz\u00fclt.<\/p>\n\n\n\n<p>Jelen Adatv\u00e9delmi nyilatkozatot a Vejamob \u00c1ltal\u00e1nos Felhaszn\u00e1l\u00e1si Felt\u00e9teleivel egy\u00fctt kell olvasni \u00e9s \u00e9rtelmezni, amelyek a k\u00f6vetkez\u0151 c\u00edmen \u00e9rhet\u0151k el. <a href=\"https:\/\/vejamob.com\/hu\/hasznalati-feltetelek\/\">https:\/\/vejamob.com\/termos-de-uso\/<\/a><\/p>\n\n\n\n<h2 class=\"wp-block-heading\">\u00c1ltal\u00e1nos inform\u00e1ci\u00f3k a felhaszn\u00e1l\u00f3k sz\u00e1m\u00e1ra <\/h2>\n\n\n\n<p>A Vejamob c\u00e9lja, hogy inform\u00e1ci\u00f3kat osszon meg Felhaszn\u00e1l\u00f3ival, mindenki sz\u00e1m\u00e1ra el\u00e9rhet\u0151v\u00e9 t\u00e9ve a tud\u00e1st. A felhaszn\u00e1l\u00f3 el\u0151zetes regisztr\u00e1ci\u00f3 n\u00e9lk\u00fcl b\u00f6ng\u00e9szheti a Vejamob weboldal\u00e1t.<\/p>\n\n\n\n<p>A Vejamob k\u00f6veti a nemzetk\u00f6zi biztons\u00e1gi szabv\u00e1nyokat \u00e9s norm\u00e1kat az adatok t\u00e1rol\u00e1sa, v\u00e9delme, titkoss\u00e1ga \u00e9s tov\u00e1bb\u00edt\u00e1sa ter\u00e9n, kiemelve, hogy az adatok t\u00e1rol\u00e1s\u00e1nak, v\u00e9delm\u00e9nek, mag\u00e1n\u00e9let\u00e9nek \u00e9s tov\u00e1bb\u00edt\u00e1s\u00e1nak egyetlen m\u00f3dja sem 100% biztons\u00e1gos \u00e9s s\u00e9rthetetlen.<\/p>\n\n\n\n<p>A Vejamob olyan gyakorlatokat \u00e9s technol\u00f3gi\u00e1kat alkalmaz, amelyeket folyamatosan fel\u00fclvizsg\u00e1lnak \u00e9s fejlesztenek, \u00f6sszhangban a nemzeti \u00e9s nemzetk\u00f6zi m\u0171szaki \u00e9s szab\u00e1lyoz\u00e1si fejl\u0151d\u00e9ssel. Amikor v\u00e9delemr\u0151l besz\u00e9l\u00fcnk, az \u00d6n adatainak b\u00e1rmilyen jogosulatlan hozz\u00e1f\u00e9r\u00e9s\u00e9re, felhaszn\u00e1l\u00e1s\u00e1ra, megv\u00e1ltoztat\u00e1s\u00e1ra, nyilv\u00e1noss\u00e1gra hozatal\u00e1ra vagy megsemmis\u00edt\u00e9s\u00e9re gondolunk. Ennek megakad\u00e1lyoz\u00e1sa \u00e9rdek\u00e9ben olyan int\u00e9zked\u00e9sekbe fektet\u00fcnk be, amelyek magukban foglalj\u00e1k a titkos\u00edtott kommunik\u00e1ci\u00f3t, a hozz\u00e1f\u00e9r\u00e9s-szab\u00e1lyoz\u00e1st, a biztons\u00e1gos szoftverfejleszt\u00e9s betart\u00e1s\u00e1t, a bels\u0151 megfelel\u0151s\u00e9gi szab\u00e1lyzatokat, valamint az elsz\u00e1moltathat\u00f3s\u00e1got \u00e9s a kock\u00e1zatcs\u00f6kkent\u0151 int\u00e9zked\u00e9seket, amelyek lehet\u0151v\u00e9 teszik a biztons\u00e1got az adatok teljes \u00e9letciklusa sor\u00e1n. A felhaszn\u00e1l\u00f3i inform\u00e1ci\u00f3kat biztons\u00e1gos, elismert \u00e9s nemzetk\u00f6zileg elismert adatb\u00e1zisok is t\u00e1rolj\u00e1k.<\/p>\n\n\n\n<p>A Vejamob semmilyen k\u00f6r\u00fclm\u00e9nyek k\u00f6z\u00f6tt nem k\u00e9r p\u00e9nz\u00f6sszeget b\u00e1rmilyen t\u00edpus\u00fa term\u00e9k kiad\u00e1s\u00e1\u00e9rt, legyen az b\u00e1rmilyen. Ha ez megt\u00f6rt\u00e9nik, k\u00e9rj\u00fck, azonnal \u00e9rtes\u00edtsen benn\u00fcnket.<\/p>\n\n\n\n<p>Azon dolgozunk, hogy minden inform\u00e1ci\u00f3 a lehet\u0151 legfrissebb legyen. \u00c9rdemes azonban megjegyezni, hogy ezek az inform\u00e1ci\u00f3k elt\u00e9rhetnek az int\u00e9zm\u00e9nyek vagy szolg\u00e1ltat\u00f3k weboldalain tal\u00e1lhat\u00f3 inform\u00e1ci\u00f3kt\u00f3l egy adott weboldalon. Az inform\u00e1ci\u00f3k pontoss\u00e1g\u00e1\u00e9rt \u00e9s id\u0151szer\u0171s\u00e9g\u00e9\u00e9rt nem v\u00e1llalunk garanci\u00e1t. Mindig ne felejtse el elolvasni a v\u00e1lasztott int\u00e9zm\u00e9nyek felt\u00e9teleit. Kis \u00f6sszeget kapunk a weboldalunkon megjelen\u0151 hirdet\u00e9sekb\u0151l \u00e9s a partnereinkt\u0151l, amikor egy term\u00e9ket vagy aj\u00e1nlatot k\u00e9r\u0151 felhaszn\u00e1l\u00f3t ir\u00e1ny\u00edtunk. Minden, amit k\u00f6zz\u00e9tesz\u00fcnk, az egyes term\u00e9kek mennyis\u00e9gi \u00e9s min\u0151s\u00e9gi \u00e9rt\u00e9kel\u00e9s\u00e9n alapul. \u00c9rdemes megjegyezni, hogy partnereink k\u00f6zvetlen\u00fcl befoly\u00e1solhatj\u00e1k az \u00e1ltalunk \u00edrt, v\u00e9lem\u00e9nyezett term\u00e9keket, valamint a \u201elegjobb\u201d cikkek sorrendj\u00e9t \u00e9s a term\u00e9kpoz\u00edci\u00f3t a Vejamobon. Tekintettel a weboldalunkon tal\u00e1lhat\u00f3 inform\u00e1ci\u00f3k mennyis\u00e9g\u00e9re, semmif\u00e9le garanci\u00e1t nem v\u00e1llalunk az inform\u00e1ci\u00f3k min\u0151s\u00e9g\u00e9re \u00e9s id\u0151szer\u0171s\u00e9g\u00e9re vonatkoz\u00f3an; Ez\u00e9rt el\u0151nyben r\u00e9szes\u00edtj\u00fck a partnereinkt\u0151l sz\u00e1rmaz\u00f3 inform\u00e1ci\u00f3kat.<\/p>\n\n\n\n<p>Az \u00d6n szem\u00e9lyes adatainak v\u00e9delme \u00e9rdek\u00e9ben \u00e9sszer\u0171 \u00f3vint\u00e9zked\u00e9seket tesz\u00fcnk, \u00e9s k\u00f6vetj\u00fck az ipar\u00e1g legjobb gyakorlatait annak \u00e9rdek\u00e9ben, hogy ne vesszenek el, ne haszn\u00e1lhassanak vissza, ne f\u00e9rjenek hozz\u00e1, ne ker\u00fcljenek nyilv\u00e1noss\u00e1gra, m\u00f3dosuljanak vagy semmis\u00fcljenek meg.<\/p>\n\n\n\n<h2 class=\"wp-block-heading\">Hivatkoz\u00e1sok harmadik felek webhelyeire <\/h2>\n\n\n\n<p>A Vejamob m\u00e1s weboldalakra mutat\u00f3 hivatkoz\u00e1sokat tartalmaz, amelyek v\u00e9lem\u00e9ny\u00fcnk szerint hasznos inform\u00e1ci\u00f3kat\/eszk\u00f6z\u00f6ket tartalmazhatnak l\u00e1togat\u00f3ink sz\u00e1m\u00e1ra. Adatv\u00e9delmi szab\u00e1lyzatunk nem vonatkozik harmadik felek webhelyeire. Nem v\u00e1llalunk felel\u0151ss\u00e9get az adatv\u00e9delmi szab\u00e1lyzat\u00e9rt vagy az ugyanezen webhelyeken tal\u00e1lhat\u00f3 tartalom\u00e9rt. A Vejamob semmilyen fajta ellen\u0151rz\u00e9st nem gyakorol felett\u00fck, ez\u00e9rt mentes\u00fcl minden felel\u0151ss\u00e9g al\u00f3l a Felhaszn\u00e1l\u00f3 \u00e9s a weboldalon hirdetett harmadik f\u00e9l term\u00e9kei \u00e9s szolg\u00e1ltat\u00e1sai k\u00f6z\u00f6tti kapcsolatokban.<\/p>\n\n\n\n<p>Miut\u00e1n elhagyja webhely\u00fcnket, vagy \u00e1tir\u00e1ny\u00edtj\u00e1k egy harmadik f\u00e9l webhely\u00e9re vagy alkalmaz\u00e1s\u00e1ra, t\u00f6bb\u00e9 nem vonatkozik \u00d6nre sem a jelen Adatv\u00e9delmi szab\u00e1lyzat, sem a weboldalunk szolg\u00e1ltat\u00e1si felt\u00e9telei.<\/p>\n\n\n\n<p>Ha adatainak rendelkez\u00e9s\u00fcnkre bocs\u00e1t\u00e1sa ut\u00e1n meggondolja mag\u00e1t, b\u00e1rmikor visszavonhatja hozz\u00e1j\u00e1rul\u00e1s\u00e1t, hogy kapcsolatba l\u00e9phess\u00fcnk \u00d6nnel az adatai tov\u00e1bbi gy\u0171jt\u00e9se, felhaszn\u00e1l\u00e1sa vagy nyilv\u00e1noss\u00e1gra hozatala c\u00e9lj\u00e1b\u00f3l a contato@vejamob.com e-mail c\u00edmen.<\/p>\n\n\n\n<h2 class=\"wp-block-heading\">Nem szem\u00e9lyes adatok <\/h2>\n\n\n\n<p>Amikor a felhaszn\u00e1l\u00f3k nem ig\u00e9nyelnek ingyenes tartalmat a Vejamobt\u00f3l (t\u00f6bbek k\u00f6z\u00f6tt e-k\u00f6nyvek, vet\u00e9lked\u0151k, cikkek, infografik\u00e1k), nem szem\u00e9lyes adatok nyomon k\u00f6vet\u00e9s\u00e9re \u00e9s gy\u0171jt\u00e9s\u00e9re ker\u00fclhet sor, t\u00f6bbek k\u00f6z\u00f6tt felt\u00fcntetve, hogy a weboldal mely oldalait l\u00e1togatt\u00e1k meg, mikor l\u00e1togatt\u00e1k meg, mely hiperhivatkoz\u00e1sokra kattintottak, milyen tartalmat, szolg\u00e1ltat\u00e1st k\u00e9rtek vagy jeleztek.<\/p>\n\n\n\n<h2 class=\"wp-block-heading\">Cookie-k <\/h2>\n\n\n\n<p>A Google, mint k\u00fcls\u0151 sz\u00e1ll\u00edt\u00f3, cookie-kat haszn\u00e1l a hirdet\u00e9sek megjelen\u00edt\u00e9s\u00e9hez. A DART cookie seg\u00edts\u00e9g\u00e9vel a Google hirdet\u00e9seket jelen\u00edthet meg az \u00d6n m\u00e1s internetes webhelyein tett l\u00e1togat\u00e1sai alapj\u00e1n. A felhaszn\u00e1l\u00f3k letilthatj\u00e1k a DART cookie-t a Google hirdet\u00e9si \u00e9s tartalmi h\u00e1l\u00f3zat\u00e1nak adatv\u00e9delmi szab\u00e1lyzat\u00e1ban.<\/p>\n\n\n\n<p>A Vejamob cookie-kat haszn\u00e1l az adatok \u00e9s az IP (Internet Protocol) azonos\u00edt\u00e1si inform\u00e1ci\u00f3k gy\u0171jt\u00e9s\u00e9nek el\u0151seg\u00edt\u00e9s\u00e9re, hogy megk\u00f6nny\u00edtse a Felhaszn\u00e1l\u00f3 navig\u00e1ci\u00f3j\u00e1t, seg\u00edtve az adatok biztons\u00e1g\u00e1nak, v\u00e9delm\u00e9nek \u00e9s hiteless\u00e9g\u00e9nek garant\u00e1l\u00e1s\u00e1t.<\/p>\n\n\n\n<p>Ezen t\u00falmen\u0151en weboldalunkon harmadik felek hirdet\u00e9seit is felhaszn\u00e1ljuk a karbantart\u00e1si k\u00f6lts\u00e9gek fedez\u00e9s\u00e9re. Ezen hirdet\u0151k n\u00e9melyike olyan technol\u00f3gi\u00e1kat haszn\u00e1lhat, mint p\u00e9ld\u00e1ul a cookie-k, amikor weboldalunkon hirdetnek, ami azt jelenti, hogy ezek a hirdet\u0151k (p\u00e9ld\u00e1ul a Google a Google AdSense-en \u00e9s az Ad Exchange-en kereszt\u00fcl) az \u00d6n szem\u00e9lyes adatait is megkapj\u00e1k, p\u00e9ld\u00e1ul az \u00d6n IP-c\u00edm\u00e9t, internetszolg\u00e1ltat\u00f3j\u00e1t, a b\u00f6ng\u00e9sz\u0151d stb. Ezt a funkci\u00f3t \u00e1ltal\u00e1ban f\u00f6ldrajzi c\u00e9lz\u00e1shoz haszn\u00e1lj\u00e1k (az \u00d6n f\u00f6ldrajzi elhelyezked\u00e9se alapj\u00e1n \u00e9rtelmes hirdet\u00e9sek megjelen\u00edt\u00e9s\u00e9re).<\/p>\n\n\n\n<p>A Felhaszn\u00e1l\u00f3 b\u00e1rmikor m\u00f3dos\u00edthatja b\u00f6ng\u00e9sz\u0151je be\u00e1ll\u00edt\u00e1saiban, hogy elfogadja-e a cookie-kat, figyelembe v\u00e9ve, hogy a cookie-k b\u00f6ng\u00e9sz\u00e9s\u00e9nek letilt\u00e1s\u00e1val a Vejamob egyes funkci\u00f3i s\u00e9r\u00fclhetnek.<\/p>\n\n\n\n<h2 class=\"wp-block-heading\">Szem\u00e9lyazonos\u00edt\u00e1sra alkalmas adatok <\/h2>\n\n\n\n<p>A Vejamob ingyenes tartalmaihoz, p\u00e9ld\u00e1ul cikkekhez, e-k\u00f6nyvekhez, kv\u00edzekhez val\u00f3 hozz\u00e1f\u00e9r\u00e9shez a felhaszn\u00e1l\u00f3nak meg kell adnia n\u00e9h\u00e1ny szem\u00e9lyazonos\u00edt\u00e1sra alkalmas adatot, p\u00e9ld\u00e1ul: e-mail c\u00edm \u00e9s teljes n\u00e9v.<\/p>\n\n\n\n<p>A Vejamob \u00e1ltal kezelt szem\u00e9lyazonos\u00edt\u00e1sra alkalmas adatok c\u00e9lja:<\/p>\n\n\n\n<p>\u2013 A Felhaszn\u00e1l\u00f3 pontos \u00e9s pontos azonos\u00edt\u00e1sa, ez\u00e1ltal nagyobb biztons\u00e1got \u00e9s v\u00e9delmet biztos\u00edtva maguknak a Felhaszn\u00e1l\u00f3knak;<\/p>\n\n\n\n<p>\u2013 Hozz\u00e1f\u00e9r\u00e9s a Vejamob \u00e1ltal ny\u00fajtott szolg\u00e1ltat\u00e1sokhoz \u00e9s term\u00e9kekhez;<\/p>\n\n\n\n<p>\u2013 A Vejamob Felhaszn\u00e1l\u00f3i profil elemz\u00e9se azzal a c\u00e9llal, hogy val\u00f3s sz\u00fcks\u00e9gleteiknek \u00e9s val\u00f3s\u00e1gnak megfelel\u0151en jelezze a legjobb term\u00e9keket \u00e9s inform\u00e1ci\u00f3kat.<\/p>\n\n\n\n<p>A Felhaszn\u00e1l\u00f3 profilj\u00e1nak m\u00e9g pontosabb elemz\u00e9se \u00e9rdek\u00e9ben a Vejamob kutat\u00e1sokat v\u00e9gezhet, hogy t\u00f6bb \u00e9s jobb inform\u00e1ci\u00f3t szerezzen \u00d6nr\u0151l, \u00e9s ez\u00e1ltal szem\u00e9lyre szabott term\u00e9keket \u00e9s szolg\u00e1ltat\u00e1sokat jelezzen az egyes Felhaszn\u00e1l\u00f3k preferenci\u00e1inak \u00e9s ig\u00e9nyeinek megfelel\u0151en.<\/p>\n\n\n\n<p>Ily m\u00f3don a Vejamob \u00e9s a partnerc\u00e9gek megh\u00edvhatj\u00e1k a Felhaszn\u00e1l\u00f3kat el\u00e9gedetts\u00e9gi felm\u00e9r\u00e9sekben val\u00f3 r\u00e9szv\u00e9telre, ahol e-maileket k\u00fcldenek a sz\u00fcks\u00e9ges \u00fatmutat\u00e1sokkal. Az \u00f6sszegy\u0171jt\u00f6tt adatokat azzal a f\u0151 c\u00e9llal haszn\u00e1ljuk fel, hogy a Vejamob \u00e9s a partnerc\u00e9gek \u00e1ltal k\u00edn\u00e1lt rendszerekben, term\u00e9kekben, tartalmakban \u00e9s szolg\u00e1ltat\u00e1sokban jav\u00edtsunk.<\/p>\n\n\n\n<p>Ha egy felhaszn\u00e1l\u00f3 felveszi vel\u00fcnk a kapcsolatot, hogy probl\u00e9m\u00e1t jelentsen, k\u00e9rd\u00e9se van vagy t\u00e1mogat\u00e1st k\u00e9r t\u0151l\u00fcnk, akkor \u00f6sszegy\u0171jtj\u00fck \u00e9s t\u00e1roljuk a felhaszn\u00e1l\u00f3 el\u00e9rhet\u0151s\u00e9geit, valamint a megfelel\u0151 \u00fczeneteket \u00e9s egy\u00e9b adatokat, amelyek a probl\u00e9ma vagy k\u00e9rd\u00e9s kivizsg\u00e1l\u00e1s\u00e1hoz sz\u00fcks\u00e9gesek. Ezeket az adatokat az \u00f6sszegy\u0171jt\u00f6tt inform\u00e1ci\u00f3k alapj\u00e1n felmer\u00fcl\u0151 k\u00e9rd\u00e9sek megold\u00e1s\u00e1ra, a k\u00e9ts\u00e9gek tiszt\u00e1z\u00e1s\u00e1ra, a probl\u00e9m\u00e1k kijav\u00edt\u00e1s\u00e1ra \u00e9s a rendszer fejleszt\u00e9s\u00e9re haszn\u00e1ljuk fel, tov\u00e1bb jav\u00edtva a Vejamob felhaszn\u00e1l\u00f3i \u00e9lm\u00e9ny\u00e9t.<\/p>\n\n\n\n<h2 class=\"wp-block-heading\">Az adatmegoszt\u00e1sr\u00f3l <\/h2>\n\n\n\n<p>A Vejamob nem \u00e9rt\u00e9kes\u00edti Felhaszn\u00e1l\u00f3i adatait vagy szem\u00e9lyes adatait, hanem megoszthatja azokat partnerc\u00e9gekkel, hogy megjel\u00f6lje a profilnak \u00e9s sz\u00fcks\u00e9gleteinek legink\u00e1bb megfelel\u0151 term\u00e9keket \u00e9s szolg\u00e1ltat\u00e1sokat, vagy hogy a Felhaszn\u00e1l\u00f3 \u00e1ltal k\u00e9rt term\u00e9keket \u00e9s\/vagy szolg\u00e1ltat\u00e1sokat ny\u00fajtsa.<\/p>\n\n\n\n<p>A Vejamob fenntartja a jogot, hogy seg\u00edts\u00e9get ny\u00fajtson vagy egy\u00fcttm\u0171k\u00f6dj\u00f6n b\u00e1rmely igazs\u00e1g\u00fcgyi hat\u00f3s\u00e1ggal vagy korm\u00e1nyzati szervvel, \u00e9s megoszthatja a Felhaszn\u00e1l\u00f3k szem\u00e9lyazonos\u00edt\u00e1sra alkalmas adatait annak \u00e9rdek\u00e9ben, hogy: a) megalapozza vagy gyakorolja t\u00f6rv\u00e9nyes jogait; b) v\u00e9dik ingatlanaikat; c) ha \u00fagy \u00edt\u00e9li meg, hogy seg\u00edts\u00e9ge vagy egy\u00fcttm\u0171k\u00f6d\u00e9se sz\u00fcks\u00e9ges Felhaszn\u00e1l\u00f3inak, egy\u00fcttm\u0171k\u00f6d\u0151inek, rendszergazd\u00e1inak vagy b\u00e1rmely olyan szem\u00e9lynek, akit a cselekv\u00e9s vagy mulaszt\u00e1s k\u00e1ros\u00edt.<\/p>\n\n\n\n<h2 class=\"wp-block-heading\">A kezeletlen \u00e9s \u00f6ssze nem gy\u0171jt\u00f6tt adatokr\u00f3l <\/h2>\n\n\n\n<p>A Vejamob nem kezeli a 13 (tizenh\u00e1rom) \u00e9v alatti gyermekek szem\u00e9lyes adatait sz\u00fcleik vagy t\u00f6rv\u00e9nyes gy\u00e1mjuk el\u0151zetes enged\u00e9lye n\u00e9lk\u00fcl.<\/p>\n\n\n\n<p>Ha 13 (tizenh\u00e1rom) \u00e9v alatti gyermekek szem\u00e9lyes adatait nem sz\u00e1nd\u00e9kosan gy\u0171jtik \u00e9s kezelik sz\u00fcleik vagy t\u00f6rv\u00e9nyes gy\u00e1mjuk kifejezett enged\u00e9lye n\u00e9lk\u00fcl, a Vejamob minden \u00f6sszegy\u0171jt\u00f6tt adatot minden el\u0151zetes \u00e9rtes\u00edt\u00e9s n\u00e9lk\u00fcl t\u00f6r\u00f6l.<\/p>\n\n\n\n<p>Amennyiben a Felhaszn\u00e1l\u00f3 tudom\u00e1s\u00e1ra jut, hogy t\u00e9ved\u00e9sb\u0151l gyermek adatait kezelt\u00fck, k\u00e9rj\u00fck, halad\u00e9ktalanul vegye fel vel\u00fcnk a kapcsolatot a contato@vejamob.com email c\u00edm\u00fcnk\u00f6n, hogy meg tudjuk tenni a sz\u00fcks\u00e9ges int\u00e9zked\u00e9seket.<\/p>","protected":false},"excerpt":{"rendered":"<p>Minden \u00f6sszegy\u0171jt\u00f6tt inform\u00e1ci\u00f3t a weboldalunkon szerzett felhaszn\u00e1l\u00f3i \u00e9lm\u00e9ny jav\u00edt\u00e1s\u00e1ra haszn\u00e1lunk fel. A gy\u0171jt\u00f6tt inform\u00e1ci\u00f3k tartalmazhatj\u00e1k az \u00d6n nev\u00e9t, e-mail c\u00edm\u00e9t, telefonsz\u00e1m\u00e1t \u00e9s\/vagy egy\u00e9b adatait. A Vejamob haszn\u00e1lata a jelen Adatv\u00e9delmi Szerz\u0151d\u00e9s elfogad\u00e1s\u00e1t jelenti. Ha a felhaszn\u00e1l\u00f3 nem \u00e9rt egyet, ak\u00e1r r\u00e9szben sem, a jelen dokumentumban foglalt felt\u00e9telekkel\u2026 <a title=\"Adatv\u00e9delmi ir\u00e1nyelvek\" class=\"read-more\" href=\"https:\/\/vejamob.com\/hu\/adatvedelmi-iranyelvek\/\" aria-label=\"Tov\u00e1bbi inform\u00e1ci\u00f3 az Adatv\u00e9delmi szab\u00e1lyzatr\u00f3l\">Olvass tov\u00e1bb<\/a><\/p>","protected":false},"author":1,"featured_media":0,"parent":0,"menu_order":0,"comment_status":"closed","ping_status":"closed","template":"","meta":{"footnotes":""},"class_list":["post-46973","page","type-page","status-publish"],"yoast_head":"<!-- This site is optimized with the Yoast SEO plugin v25.6 - https:\/\/yoast.com\/wordpress\/plugins\/seo\/ -->\n<title>Politica de Privacidade - Vejamob<\/title>\n<meta name=\"robots\" content=\"index, follow, max-snippet:-1, max-image-preview:large, max-video-preview:-1\" \/>\n<link rel=\"canonical\" href=\"https:\/\/vejamob.com\/hu\/adatvedelmi-iranyelvek\/\" \/>\n<meta property=\"og:locale\" content=\"hu_HU\" \/>\n<meta property=\"og:type\" content=\"article\" \/>\n<meta property=\"og:title\" content=\"Politica de Privacidade - Vejamob\" \/>\n<meta property=\"og:description\" content=\"Todas as informa\u00e7\u00f5es recolhidas ser\u00e3o utilizadas para melhorar sua experi\u00eancia dentro do nosso site. As informa\u00e7\u00f5es recolhidas podem incluir o seu nome, email, n\u00famero de telefone e\/ou outros. O uso do Vejamob pressup\u00f5e a aceita\u00e7\u00e3o deste Acordo de Privacidade. Caso o usu\u00e1rio n\u00e3o concorde, ainda que em parte, com os termos e condi\u00e7\u00f5es contidos nesta ... Leia mais\" \/>\n<meta property=\"og:url\" content=\"https:\/\/vejamob.com\/hu\/adatvedelmi-iranyelvek\/\" \/>\n<meta property=\"og:site_name\" content=\"Vejamob\" \/>\n<meta property=\"article:modified_time\" content=\"2025-03-25T19:36:20+00:00\" \/>\n<meta name=\"twitter:card\" content=\"summary_large_image\" \/>\n<meta name=\"twitter:label1\" content=\"Becs\u00fclt olvas\u00e1si id\u0151\" \/>\n\t<meta name=\"twitter:data1\" content=\"9 perc\" \/>\n<script type=\"application\/ld+json\" class=\"yoast-schema-graph\">{\"@context\":\"https:\/\/schema.org\",\"@graph\":[{\"@type\":\"WebPage\",\"@id\":\"https:\/\/vejamob.com\/politica-de-privacidade\/\",\"url\":\"https:\/\/vejamob.com\/politica-de-privacidade\/\",\"name\":\"Politica de Privacidade - Vejamob\",\"isPartOf\":{\"@id\":\"https:\/\/vejamob.com\/#website\"},\"datePublished\":\"2024-06-28T15:57:52+00:00\",\"dateModified\":\"2025-03-25T19:36:20+00:00\",\"breadcrumb\":{\"@id\":\"https:\/\/vejamob.com\/politica-de-privacidade\/#breadcrumb\"},\"inLanguage\":\"hu\",\"potentialAction\":[{\"@type\":\"ReadAction\",\"target\":[\"https:\/\/vejamob.com\/politica-de-privacidade\/\"]}]},{\"@type\":\"BreadcrumbList\",\"@id\":\"https:\/\/vejamob.com\/politica-de-privacidade\/#breadcrumb\",\"itemListElement\":[{\"@type\":\"ListItem\",\"position\":1,\"name\":\"In\u00edcio\",\"item\":\"https:\/\/vejamob.com\/\"},{\"@type\":\"ListItem\",\"position\":2,\"name\":\"Politica de Privacidade\"}]},{\"@type\":\"WebSite\",\"@id\":\"https:\/\/vejamob.com\/#website\",\"url\":\"https:\/\/vejamob.com\/\",\"name\":\"Noticia Tecnologia\",\"description\":\"Tudo sobre aplicativos!\",\"publisher\":{\"@id\":\"https:\/\/vejamob.com\/#organization\"},\"potentialAction\":[{\"@type\":\"SearchAction\",\"target\":{\"@type\":\"EntryPoint\",\"urlTemplate\":\"https:\/\/vejamob.com\/?s={search_term_string}\"},\"query-input\":{\"@type\":\"PropertyValueSpecification\",\"valueRequired\":true,\"valueName\":\"search_term_string\"}}],\"inLanguage\":\"hu\"},{\"@type\":\"Organization\",\"@id\":\"https:\/\/vejamob.com\/#organization\",\"name\":\"Spotads\",\"url\":\"https:\/\/vejamob.com\/\",\"logo\":{\"@type\":\"ImageObject\",\"inLanguage\":\"hu\",\"@id\":\"https:\/\/vejamob.com\/#\/schema\/logo\/image\/\",\"url\":\"https:\/\/vejamob.com\/wp-content\/uploads\/2024\/06\/NOTICIA-LOGO-1.png\",\"contentUrl\":\"https:\/\/vejamob.com\/wp-content\/uploads\/2024\/06\/NOTICIA-LOGO-1.png\",\"width\":250,\"height\":60,\"caption\":\"Spotads\"},\"image\":{\"@id\":\"https:\/\/vejamob.com\/#\/schema\/logo\/image\/\"}}]}<\/script>\n<!-- \/ Yoast SEO plugin. -->","yoast_head_json":{"title":"Adatv\u00e9delmi szab\u00e1lyzat - Vejamob","robots":{"index":"index","follow":"follow","max-snippet":"max-snippet:-1","max-image-preview":"max-image-preview:large","max-video-preview":"max-video-preview:-1"},"canonical":"https:\/\/vejamob.com\/hu\/adatvedelmi-iranyelvek\/","og_locale":"hu_HU","og_type":"article","og_title":"Politica de Privacidade - Vejamob","og_description":"Todas as informa\u00e7\u00f5es recolhidas ser\u00e3o utilizadas para melhorar sua experi\u00eancia dentro do nosso site. As informa\u00e7\u00f5es recolhidas podem incluir o seu nome, email, n\u00famero de telefone e\/ou outros. O uso do Vejamob pressup\u00f5e a aceita\u00e7\u00e3o deste Acordo de Privacidade. Caso o usu\u00e1rio n\u00e3o concorde, ainda que em parte, com os termos e condi\u00e7\u00f5es contidos nesta ... Leia mais","og_url":"https:\/\/vejamob.com\/hu\/adatvedelmi-iranyelvek\/","og_site_name":"Vejamob","article_modified_time":"2025-03-25T19:36:20+00:00","twitter_card":"summary_large_image","twitter_misc":{"Becs\u00fclt olvas\u00e1si id\u0151":"9 perc"},"schema":{"@context":"https:\/\/schema.org","@graph":[{"@type":"WebPage","@id":"https:\/\/vejamob.com\/politica-de-privacidade\/","url":"https:\/\/vejamob.com\/politica-de-privacidade\/","name":"Adatv\u00e9delmi szab\u00e1lyzat - Vejamob","isPartOf":{"@id":"https:\/\/vejamob.com\/#website"},"datePublished":"2024-06-28T15:57:52+00:00","dateModified":"2025-03-25T19:36:20+00:00","breadcrumb":{"@id":"https:\/\/vejamob.com\/politica-de-privacidade\/#breadcrumb"},"inLanguage":"hu","potentialAction":[{"@type":"ReadAction","target":["https:\/\/vejamob.com\/politica-de-privacidade\/"]}]},{"@type":"BreadcrumbList","@id":"https:\/\/vejamob.com\/politica-de-privacidade\/#breadcrumb","itemListElement":[{"@type":"ListItem","position":1,"name":"In\u00edcio","item":"https:\/\/vejamob.com\/"},{"@type":"ListItem","position":2,"name":"Politica de Privacidade"}]},{"@type":"WebSite","@id":"https:\/\/vejamob.com\/#website","url":"https:\/\/vejamob.com\/","name":"Technol\u00f3giai h\u00edrek","description":"Mindent az alkalmaz\u00e1sokr\u00f3l!","publisher":{"@id":"https:\/\/vejamob.com\/#organization"},"potentialAction":[{"@type":"SearchAction","target":{"@type":"EntryPoint","urlTemplate":"https:\/\/vejamob.com\/?s={search_term_string}"},"query-input":{"@type":"PropertyValueSpecification","valueRequired":true,"valueName":"search_term_string"}}],"inLanguage":"hu"},{"@type":"Organization","@id":"https:\/\/vejamob.com\/#organization","name":"Spotads","url":"https:\/\/vejamob.com\/","logo":{"@type":"ImageObject","inLanguage":"hu","@id":"https:\/\/vejamob.com\/#\/schema\/logo\/image\/","url":"https:\/\/vejamob.com\/wp-content\/uploads\/2024\/06\/NOTICIA-LOGO-1.png","contentUrl":"https:\/\/vejamob.com\/wp-content\/uploads\/2024\/06\/NOTICIA-LOGO-1.png","width":250,"height":60,"caption":"Spotads"},"image":{"@id":"https:\/\/vejamob.com\/#\/schema\/logo\/image\/"}}]}},"_links":{"self":[{"href":"https:\/\/vejamob.com\/hu\/wp-json\/wp\/v2\/pages\/46973","targetHints":{"allow":["GET"]}}],"collection":[{"href":"https:\/\/vejamob.com\/hu\/wp-json\/wp\/v2\/pages"}],"about":[{"href":"https:\/\/vejamob.com\/hu\/wp-json\/wp\/v2\/types\/page"}],"author":[{"embeddable":true,"href":"https:\/\/vejamob.com\/hu\/wp-json\/wp\/v2\/users\/1"}],"replies":[{"embeddable":true,"href":"https:\/\/vejamob.com\/hu\/wp-json\/wp\/v2\/comments?post=46973"}],"version-history":[{"count":0,"href":"https:\/\/vejamob.com\/hu\/wp-json\/wp\/v2\/pages\/46973\/revisions"}],"wp:attachment":[{"href":"https:\/\/vejamob.com\/hu\/wp-json\/wp\/v2\/media?parent=46973"}],"curies":[{"name":"munkaf\u00fczet","href":"https:\/\/api.w.org\/{rel}","templated":true}]}}